{"id":8,"date":"2013-05-27T09:47:54","date_gmt":"2013-05-27T09:47:54","guid":{"rendered":"http:\/\/localhost:8888\/wordpress\/?page_id=2"},"modified":"2026-08-30T15:21:31","modified_gmt":"2026-08-30T14:21:31","slug":"page-d-exemple-2","status":"publish","type":"page","link":"https:\/\/tadasana-yoga.com\/?page_id=8","title":{"rendered":"Expirez"},"content":{"rendered":"<p>[et_pb_section fb_built=\u00a0\u00bb1&Prime; admin_label=\u00a0\u00bbsection\u00a0\u00bb _builder_version=\u00a0\u00bb3.22&Prime; global_colors_info=\u00a0\u00bb{}\u00a0\u00bb][et_pb_row admin_label=\u00a0\u00bbrow\u00a0\u00bb _builder_version=\u00a0\u00bb3.25&Prime; background_size=\u00a0\u00bbinitial\u00a0\u00bb background_position=\u00a0\u00bbtop_left\u00a0\u00bb background_repeat=\u00a0\u00bbrepeat\u00a0\u00bb custom_padding=\u00a0\u00bb32px|||||\u00a0\u00bb global_colors_info=\u00a0\u00bb{}\u00a0\u00bb][et_pb_column type=\u00a0\u00bb4_4&Prime; _builder_version=\u00a0\u00bb3.25&Prime; custom_padding=\u00a0\u00bb|||\u00a0\u00bb global_colors_info=\u00a0\u00bb{}\u00a0\u00bb custom_padding__hover=\u00a0\u00bb|||\u00a0\u00bb][et_pb_text admin_label=\u00a0\u00bbText\u00a0\u00bb _builder_version=\u00a0\u00bb4.10.7&Prime; background_size=\u00a0\u00bbinitial\u00a0\u00bb background_position=\u00a0\u00bbtop_left\u00a0\u00bb background_repeat=\u00a0\u00bbrepeat\u00a0\u00bb custom_padding=\u00a0\u00bb2px|||||\u00a0\u00bb hover_enabled=\u00a0\u00bb0&Prime; global_colors_info=\u00a0\u00bb{}\u00a0\u00bb sticky_enabled=\u00a0\u00bb0&Prime;]<\/p>\n<h1 style=\"text-align: center;\"><span style=\"color: #808080;\"><strong><span class=\"Apple-converted-space\">\u00a0<\/span>Pr\u0101n\u0101yama<\/strong> <\/span><\/h1>\n<h4 style=\"text-align: center;\"><span style=\"color: #808080;\"> Pr\u0101na l\u2019\u00e9nergie \/Ayama<span class=\"Apple-converted-space\"> E<\/span>xtension, Augmentation<\/span><\/h4>\n<p><a href=\"https:\/\/tadasana-yoga.com\/wp-content\/uploads\/2016\/06\/IMG_3953.jpg\"><img loading=\"lazy\" decoding=\"async\" class=\"wp-image-5388  aligncenter\" src=\"https:\/\/tadasana-yoga.com\/wp-content\/uploads\/2016\/06\/IMG_3953.jpg\" alt=\"\" width=\"160\" height=\"160\" srcset=\"https:\/\/tadasana-yoga.com\/wp-content\/uploads\/2016\/06\/IMG_3953.jpg 1848w, https:\/\/tadasana-yoga.com\/wp-content\/uploads\/2016\/06\/IMG_3953-150x150.jpg 150w, https:\/\/tadasana-yoga.com\/wp-content\/uploads\/2016\/06\/IMG_3953-300x300.jpg 300w, https:\/\/tadasana-yoga.com\/wp-content\/uploads\/2016\/06\/IMG_3953-768x768.jpg 768w, https:\/\/tadasana-yoga.com\/wp-content\/uploads\/2016\/06\/IMG_3953-1024x1024.jpg 1024w, https:\/\/tadasana-yoga.com\/wp-content\/uploads\/2016\/06\/IMG_3953-600x600.jpg 600w, https:\/\/tadasana-yoga.com\/wp-content\/uploads\/2016\/06\/IMG_3953-1080x1080.jpg 1080w\" sizes=\"auto, (max-width: 160px) 100vw, 160px\" \/><\/a><\/p>\n<p style=\"text-align: center;\"><span style=\"color: #808080;\"><b>Pr\u0101na <\/b>est l\u2019\u00e9nergie cosmique qui se manifeste sous les formes; solide, liquide, radiante, gazeuse, \u00e9th\u00e9r\u00e9e &amp; gouverne les r\u00e8gnes du vivant; animal, v\u00e9g\u00e9tal, min\u00e9ral. Pr\u0101na est le potentiel vital;<span class=\"Apple-converted-space\">\u00a0 <\/span>chaleur, lumi\u00e8re, vibration, gravitation, magn\u00e9tisme, \u00e9lectricit\u00e9,<span class=\"Apple-converted-space\">\u00a0 <\/span>pens\u00e9e, \u00e9motion, r\u00eave. Moteur de toute action, il cr\u00e9e, prot\u00e8ge, d\u00e9truit. Dans le r\u00e8gne animal Prana est v\u00e9hicul\u00e9 par le souffle &amp; la conscience, p\u00e9n\u00e8tre les plans; physique, mental, sexuel, spirituel.<span class=\"Apple-converted-space\">\u00a0<\/span>Le son<b> <\/b><b><i>\u00d4m <\/i><\/b>est la vibration originelle qui permet<span class=\"Apple-converted-space\">\u00a0 <\/span>d\u2019exprimer l\u2019\u00e9nergie \u00e0 sa source, \u00e0 la conscience de la percevoir.<span class=\"Apple-converted-space\">\u00a0<\/span><b>Pr\u0101n\u0101y\u0101ma<\/b> est bien plus qu\u2019une discipline mais l\u2019expansion de l\u2019\u00e9nergie vitale dans le corps par la ma\u00eetrise de la respiration.<\/span><\/p>\n<p style=\"text-align: center;\"><span style=\"color: #808080;\">Dans le contexte des <i>Yoga sutras<\/i> de Patanjali <b><i>\u00ab\u00a0Tasmin sati shvsha prashvasayor gati vicchedah pranayamah\u00a0\u00bb<\/i><\/b> II-49\u00ab\u00a0Ceci (la posture) \u00e9tant accompli on exp\u00e9rimente le Pr\u0101n\u0101y\u0101ma; l\u2019arr\u00eat des perturbations de la respiration\u00a0\u00bb <span class=\"Apple-converted-space\">\u00a0<\/span>La discipline respiratoire insuffle l\u2019\u00e9nergie vitale dans tout le corps,<span class=\"Apple-converted-space\">\u00a0 <\/span>proc\u00e9d\u00e9 par lequel se d\u00e9veloppe &amp; se renforce la manifestation de Pr\u0101na, comparable aux feuilles de l\u2019arbre qui permettent de capter &amp; de fixer O2.<\/span><\/p>\n<p style=\"text-align: center;\"><span style=\"color: #808080;\">Maitris\u00e9e, la respiration aide \u00e0 purifier le syst\u00e8me nerveux, fixer l\u2019attention, cr\u00e9er un terrain fertile au calme du mental. L\u2019action purificatrice de l\u2019expir permet de d\u00e9barrasser le syst\u00e8me nerveux des toxines, l\u2019action r\u00e9g\u00e9n\u00e9ratrice de l\u2019inspir<span class=\"Apple-converted-space\">\u00a0 <\/span>nourrit les tissus du corps, l\u2019action coupl\u00e9e des 2 souffles irrigue et renouvelle toutes les cellules du corps. Les apn\u00e9es naturelles ou volontaires ponctuent chaque phrases respiratoires, cadencent le souffle &amp; canalisent le mental. <span class=\"Apple-converted-space\"> La pratique de <b>Pr\u0101n\u0101y\u0101ma<\/b> am\u00e9liore le fonctionnement\u00a0 de l\u2019appareil respiratoire qui \u00e0 son tour renforce les syst\u00e8mes; circulatoire, digestif, \u00e9liminatoire, immunitaire. <\/span><\/span><\/p>\n<p style=\"text-align: center;\"><span style=\"color: #808080;\">En portant l\u2019attention sur son amplitude (quantit\u00e9 d\u2019air dans les poumons), son rythme (dur\u00e9e &amp; pause de chaque mouvement long ou court ), sa qualit\u00e9 (calme ou agit\u00e9e, r\u00e9guli\u00e8re ou irr\u00e9guli\u00e8re, silencieuse ou bruyante) les muscles engag\u00e9s dans l\u2019acte respiratoire ( diaphragme, pectoraux, abdominaux, intercostaux etc ) l\u2019endroit o\u00f9 l\u2019on ressent le souffle, la respiration s\u2019\u00e9quilibre, s\u2019allonge, s\u2019affine. Ainsi l\u2019\u00e9nergie se d\u00e9ploie \u00e0 travers les diff\u00e9rentes enveloppes du corps physique, mental, \u00e9motionnel, \u00e9nerg\u00e9tique. Elle se manifeste sous la forme de 5 vents, <i>Vayus<\/i>, localis\u00e9s &amp; dans diff\u00e9rentes partie du corps &amp; gouvernants diff\u00e9rentes fonctions. <span class=\"Apple-converted-space\">\u00a0<\/span><\/span><\/p>\n<p style=\"text-align: center;\"><span style=\"color: #808080;\"><b>*Les 5 vayus\u00a0:<span class=\"Apple-converted-space\">\u00a0<\/span><\/b><\/span><\/p>\n<ul style=\"text-align: center;\">\n<li><span style=\"color: #808080;\"><b>Prana<\/b> vayu<span class=\"Apple-converted-space\">\u00a0 <\/span>li\u00e9 \u00e0 l\u2019inspir commande l\u2019absorption de l\u2019\u00e9nergie dans la cage thoracique<span class=\"Apple-converted-space\">\u00a0<\/span><\/span><\/li>\n<li><span style=\"color: #808080;\"><b>Apana<\/b> li\u00e9 \u00e0 l\u2019expir commande l\u2019\u00e9limination depuis le bas de l\u2019abdomen<span class=\"Apple-converted-space\">\u00a0<\/span><\/span><\/li>\n<li><span style=\"color: #808080;\"><b>Samana<\/b> alimente agni au centre de l\u2019abdomen mvmt centrifuge<span class=\"Apple-converted-space\">\u00a0<\/span><\/span><\/li>\n<li><span style=\"color: #808080;\"><b>Vyana<\/b> depuis le c\u0153ur vers les extr\u00e9mit\u00e9s<span class=\"Apple-converted-space\">\u00a0<\/span><\/span><\/li>\n<li><span style=\"color: #808080;\"><b>Udana<\/b><span class=\"Apple-converted-space\">\u00a0 <\/span>commande mvmt ascendant depuis le nombril vers la bouche li\u00e9 \u00e0 l\u2019expir lib\u00e9ration<span class=\"Apple-converted-space\">\u00a0<\/span><\/span><\/li>\n<\/ul>\n<p style=\"text-align: center;\"><span style=\"color: #808080;\"><b>*Les 3 mouvements de la respiration\u00a0:<\/b><\/span><\/p>\n<ul style=\"text-align: center;\">\n<li><span style=\"color: #808080;\"><strong>Puraka<\/strong><span class=\"Apple-converted-space\">\u00a0<\/span><b> <\/b>L\u2019inspir en lien avec notre c\u00f4t\u00e9, solaire, surya, actif, vigilant am\u00e8ne la joie, la vitalit\u00e9, elle nourrit les diff\u00e9rentes enveloppes du corps, elle permet d\u2019accueillir de distribuer l\u2019\u00e9nergie.<\/span><\/li>\n<li><span style=\"color: #808080;\"><strong>Rechaka<\/strong><span class=\"Apple-converted-space\">\u00a0 <\/span>L\u2019expir en lien avec notre c\u00f4t\u00e9 lunaire, chandra, calme, favorise l\u2019abandon, le l\u00e2cher prise et nettoie le corps de ses toxines.<\/span><\/li>\n<li><span style=\"color: #808080;\"><strong>Khumbaka<\/strong><b><span class=\"Apple-converted-space\">\u00a0 <\/span><\/b>Les r\u00e9tentions d\u00e9cuplent l\u2019effet des deux mouvements pr\u00e9c\u00e9dents, poumons pleins elles concentrent l&rsquo;\u00e9nergie, poumons vides elles lib\u00e8rent les tensions.<span class=\"Apple-converted-space\">\u00a0<\/span><\/span><\/li>\n<\/ul>\n<h3 style=\"text-align: center;\"><span style=\"color: #33cccc;\"><strong>Chandra bedhana\u00a0 respiration \u00e0 la lune<span class=\"Apple-converted-space\">\u00a0<\/span><\/strong><\/span><\/h3>\n<p style=\"text-align: center;\"><span style=\"color: #33cccc;\"><a href=\"https:\/\/tadasana-yoga.com\/wp-content\/uploads\/2024\/05\/blue-mooon-garance.jpeg\"><img loading=\"lazy\" decoding=\"async\" class=\"wp-image-6765 alignnone \" src=\"https:\/\/tadasana-yoga.com\/wp-content\/uploads\/2024\/05\/blue-mooon-garance.jpeg\" alt=\"\" width=\"158\" height=\"105\" \/><\/a><\/span><\/p>\n<p style=\"text-align: center;\"><span style=\"color: #33cccc;\">Chandra lune\/bedhana absorption<\/span><\/p>\n<p style=\"text-align: center;\"><span style=\"color: #33cccc;\">Le souffle de la lune permet d\u2019absorber l\u2019\u00e9nergie de la lune &amp; r\u00e9gule la circulation de<i> Prana<\/i>,l&rsquo;\u00e9nergie vitale, en lib\u00e9rant le flux du canal lunaire <i>Ida,<span class=\"Apple-converted-space\">\u00a0<\/span><\/i><i><\/i>associ\u00e9 au principe f\u00e9minin, au froid, \u00e0 l&rsquo;obscurit\u00e9, la contemplation &amp; \u00e0 la r\u00e9ceptivit\u00e9.Le souffle de la lune bascule le syst\u00e8me nerveux autonome en mode parasympathique en charge des fonctions de digestion &amp; r\u00e9g\u00e9n\u00e9ration de l\u2019organisme.<span class=\"Apple-converted-space\">\u00a0<\/span>Le syst\u00e8me nerveux baisse sa garde ce qui d\u00e9samorce le stress, l\u2019hyperactivit\u00e9 &amp; cr\u00e9e un terrain favorable aux facult\u00e9s de r\u00e9cup\u00e9ration essentielles \u00e0 l\u2019\u00e9quilibre de la sant\u00e9 physique &amp; psychique.<span class=\"Apple-converted-space\">\u00a0<\/span><\/span><\/p>\n<p style=\"text-align: center;\"><span style=\"color: #33cccc;\">Simple \u00e0 mettre en oeuvre chaque soir, Chandra bedhana r\u00e9gule &amp; abaisse la temp\u00e9rature du corps, favorise le sommeil, calme le mental, apaise les \u00e9motions, am\u00e9liore la concentration, soulage les acidit\u00e9s gastriques.<span class=\"Apple-converted-space\">\u00a0<\/span><\/span><\/p>\n<p style=\"text-align: center;\"><span style=\"color: #33cccc;\">\u00c0 pratiquer avec pr\u00e9caution en cas d&rsquo;hyper ou hypotension.<span class=\"Apple-converted-space\">\u00a0<\/span><\/span><\/p>\n<p style=\"text-align: center;\"><span style=\"color: #33cccc;\">Prenez une assise stable &amp; confortable, calmez la respiration: Placez le pouce &amp; l&rsquo;annulaire de la main droite de chaque c\u00f4t\u00e9 des narines, l&rsquo;index &amp; le majeur pos\u00e9s sur le point entre les sourcils ou repli\u00e9s dans la paume<span class=\"Apple-converted-space\"> &#8211; <\/span>Inspirez narine gauche\/Expirez narine droite<span class=\"Apple-converted-space\">\u00a0<\/span>R\u00e9p\u00e9tez, \u00e9quilibrez les temps d&rsquo;inspir &amp; d\u2019expir, comptez les cycles9 cycles la 1\u00e8re semaine<span class=\"Apple-converted-space\">\u00a0<\/span>18 la 2\u00e8me puis 27 la 3\u00e8meVous pouvez ajouter une intention ou une couleur ( par exemple : inspir la fraicheur \/expir la chaleur<span class=\"Apple-converted-space\">\u00a0<\/span>Ou inspir blanc \/expir orange )<\/span><\/p>\n<h3 style=\"text-align: center;\"><span style=\"color: #ff6600;\"><strong>Surya bedhana<span class=\"Apple-converted-space\"> R<\/span>espiration au soleil<\/strong><\/span><\/h3>\n<p><a href=\"https:\/\/tadasana-yoga.com\/wp-content\/uploads\/2026\/08\/IMG_2986-scaled.jpeg\"><img loading=\"lazy\" decoding=\"async\" class=\"wp-image-7058  aligncenter\" src=\"https:\/\/tadasana-yoga.com\/wp-content\/uploads\/2026\/08\/IMG_2986-scaled.jpeg\" alt=\"\" width=\"157\" height=\"118\" \/><\/a><\/p>\n<p style=\"text-align: center;\"><span style=\"color: #ff6600;\">Surya soleil \/ bedhana absorption <\/span><\/p>\n<p style=\"text-align: center;\"><span style=\"color: #ff6600;\">Le souffle du soleil permet d\u2019absorber l\u2019\u00e9nergie du soleil &amp; r\u00e9gule<span class=\"Apple-converted-space\">\u00a0 <\/span>la circulation de<i> Prana<\/i>,l&rsquo;\u00e9nergie vitale,<span class=\"Apple-converted-space\">\u00a0<\/span>en lib\u00e9rant le flux du canal solaireassoci\u00e9 au principe masculin, au chaud, \u00e0 la lumi\u00e8re, \u00e0 l\u2019action \u00e0 la volont\u00e9. Le souffle du soleil active le syst\u00e8me nerveux autonome en mode sympathique en charge des fonctions de lutte &amp; fuite de l\u2019organisme.<span class=\"Apple-converted-space\">\u00a0<\/span>En activant sa garde, le syst\u00e8me nerveux<span class=\"Apple-converted-space\">\u00a0 <\/span>nous met \u00e9veil &amp; nous permet d\u2019accomplir les t\u00e2ches quotidiennes, de nous alerter en cas de danger, &amp; d\u2019interagir avec notre environnement.<span class=\"Apple-converted-space\">\u00a0<\/span>Simple \u00e0 mettre en oeuvre chaque matin, Surya bedhana agit comme un r\u00e9veil naturel de l\u2019organisme, r\u00e9gule &amp; augmente l\u00e9g\u00e8rement la temp\u00e9rature du corps, canalise le mental, distance les \u00e9motions, am\u00e9liore la concentration, favorise le discernement.<span class=\"Apple-converted-space\">\u00a0<\/span><\/span><\/p>\n<p style=\"text-align: center;\"><span style=\"color: #ff6600;\">\u00c0 pratiquer avec pr\u00e9caution en cas d&rsquo;hyper ou hypotension.<span class=\"Apple-converted-space\">\u00a0<\/span><\/span><\/p>\n<p style=\"text-align: center;\"><span style=\"color: #ff6600;\">Prenez une assise stable &amp; confortable, calmez la respiration: Placez le pouce &amp; l&rsquo;annulaire de la main droite de chaque c\u00f4t\u00e9 des narines, l&rsquo;index &amp; le majeur pos\u00e9 sur le point entre les sourcils ou repli\u00e9s dans la paume<span class=\"Apple-converted-space\"> &#8211; <\/span>Inspirez narine droite\/Expirez narine gauche, Continuez toujours sur le m\u00eame sch\u00e9ma<span class=\"Apple-converted-space\"> , <\/span>Comptez les cycles 9\/18 ou 27 &amp; augmentez les progressivement<span class=\"Apple-converted-space\"> &#8211; <\/span>\u00c9quilibrez le temps d&rsquo;inspir &amp; d&rsquo;expir<span class=\"Apple-converted-space\">\u00a0<\/span>Ou Inspirez 3 Retenez 2 Expirez 5 Retenez<span class=\"Apple-converted-space\">\u00a0 <\/span>2. Vous pouvez ajouter une intention ou une couleur<span class=\"Apple-converted-space\">\u00a0<\/span><\/span><\/p>\n<h3 style=\"text-align: center;\"><strong><span style=\"color: #008080;\">Nadi shodana<\/span><span style=\"color: #008080;\"> Respiration par narine altern\u00e9e<\/span><\/strong><\/h3>\n<p><a href=\"https:\/\/tadasana-yoga.com\/wp-content\/uploads\/2024\/05\/5C6F744F-5D3A-460E-9C84-0EF9ADD709E5.jpeg\"><img loading=\"lazy\" decoding=\"async\" class=\"wp-image-6760  aligncenter\" src=\"https:\/\/tadasana-yoga.com\/wp-content\/uploads\/2024\/05\/5C6F744F-5D3A-460E-9C84-0EF9ADD709E5.jpeg\" alt=\"\" width=\"151\" height=\"114\" \/><\/a><\/p>\n<p style=\"text-align: center;\"><span style=\"color: #008080;\">Nadi canal \/shodana <\/span><span style=\"color: #008080;\">purifi\u00e9, \u00a0permet de canaliser &amp; purifier l\u2019\u00e9nergie des deux grands canaux <i>Ida &amp; Pingala<\/i>\u00a0en purifiant alternativement les flux<span class=\"Apple-converted-space\"> <\/span>lunaire &amp; solaire. <\/span><span style=\"color: #008080;\">Son effet stimulant &amp; calmant sur le syst\u00e8me nerveux cr\u00e9\u00e9 le terrain id\u00e9al \u00e0 la concentration sur les t\u00e2ches journali\u00e8res tout en maintenant un \u00e9tat naturel de concentration sans effort ni r\u00e9sistance. Ce souffle \u00e9quilibre les fonctions motrices &amp; r\u00e9g\u00e9n\u00e9ratrices, nous permet de nous positionner fermement sans tensions, la purification se fait sentir <\/span><span style=\"caret-color: #008080; color: #008080;\">au fur &amp; \u00e0 mesure de la pratique<\/span><span style=\"caret-color: #008080; color: #008080;\"> sur le plan<\/span><span style=\"color: #008080;\"> mental\u00a0<\/span><span style=\"caret-color: #008080; color: #008080;\">en d\u00e9gageant l&rsquo;espace<\/span><span style=\"color: #008080;\">t, tel un balayage des fluctuations incessantes des pens\u00e9es. <\/span>\u00a0<\/p>\n<p style=\"text-align: center;\"><span style=\"color: #008080;\">Prenez une assise stable &amp; confortable, calmez la respiration:\u00a0<\/span><span style=\"color: #008080;\">Placez le pouce &amp; l&rsquo;annulaire de la main droite de chaque c\u00f4t\u00e9 des narines, l&rsquo;index &amp; le majeur pos\u00e9 sur le point entre les sourcils ou repli\u00e9s dans la paume<span class=\"Apple-converted-space\"> &#8211; <\/span><\/span><span style=\"color: #008080;\">Inspirez narine gauche\/Expirez narine droite puis Inspirez narine droite \/ Expirez narine gauche<span class=\"Apple-converted-space\">\u00a0<\/span><\/span><\/p>\n<p style=\"text-align: center;\"><span style=\"color: #008080;\">Comptez les cycles 9\/18 ou 27 &amp; augmentez les progressivement<span class=\"Apple-converted-space\"> . <\/span><\/span><span style=\"color: #008080;\">\u00c9quilibrez le temps d&rsquo;inspir &amp; d&rsquo;expir<span class=\"Apple-converted-space\">\u00a0<\/span><\/span><span style=\"color: #008080;\">Ou Inspir 3\u00a0\u2018\u2019 Retention 2\u2019\u2019 Expir 5 \u2018\u2019Retention<span class=\"Apple-converted-space\">\u00a0 <\/span>2\u2019\u2019<\/span><span style=\"color: #008080;\">Ou Inspir 4\u2019\u2019 r\u00e9tention 16\u2019\u2019 expir 8\u2019\u2019. \u00a0<\/span><span style=\"color: #008080;\">Vous pouvez ajouter une intention ou une couleur<span class=\"Apple-converted-space\">\u00a0<\/span><\/span><\/p>\n<p>[\/et_pb_text][\/et_pb_column][\/et_pb_row][\/et_pb_section][et_pb_section fb_built=\u00a0\u00bb1&Prime; _builder_version=\u00a0\u00bb4.10.7&Prime; _module_preset=\u00a0\u00bbdefault\u00a0\u00bb global_colors_info=\u00a0\u00bb{}\u00a0\u00bb][et_pb_row _builder_version=\u00a0\u00bb4.10.7&Prime; _module_preset=\u00a0\u00bbdefault\u00a0\u00bb global_colors_info=\u00a0\u00bb{}\u00a0\u00bb][et_pb_column type=\u00a0\u00bb4_4&Prime; _builder_version=\u00a0\u00bb4.10.7&Prime; _module_preset=\u00a0\u00bbdefault\u00a0\u00bb global_colors_info=\u00a0\u00bb{}\u00a0\u00bb][et_pb_image _builder_version=\u00a0\u00bb4.10.7&Prime; _module_preset=\u00a0\u00bbdefault\u00a0\u00bb global_colors_info=\u00a0\u00bb{}\u00a0\u00bb][\/et_pb_image][\/et_pb_column][\/et_pb_row][\/et_pb_section]<\/p>\n","protected":false},"excerpt":{"rendered":"<p>Tadasana Yoga \u00e0 Chamonix.<\/p>\n","protected":false},"author":2,"featured_media":0,"parent":0,"menu_order":0,"comment_status":"open","ping_status":"open","template":"","meta":{"_et_pb_use_builder":"on","_et_pb_old_content":"<h2 style=\"text-align: center;\">\u00a0Tadasana ~ la posture de la montagne ~<\/h2>\r\n<h1 style=\"text-align: center;\"><img class=\"wp-image-255 aligncenter\" src=\"http:\/\/tadasana-yoga.com\/wp-content\/uploads\/2013\/05\/Temple-montagne.jpg\" alt=\"Accueil Tadasana Yoga\" width=\"778\" height=\"292\" \/><\/h1>\r\n<h3 style=\"text-align: center;\"><\/h3>\r\n<h3 style=\"text-align: center;\"><span style=\"color: #ff6600;\">\u00catre \u00e0 l\u2019int\u00e9rieur, rayonner \u00e0 l\u2019ext\u00e9rieur, guid\u00e9 par le souffle. \u00catre uni avec le tout, le tout avec s\u00e9rieux sans se prendre au s\u00e9rieux.<\/span><\/h3>\r\n<p style=\"text-align: center;\"><span style=\"color: #ff6600;\"><strong>Yoga Vinyasa<\/strong><\/span><\/p>\r\n<p style=\"text-align: center;\"><span style=\"color: #ff6600;\">Pratique fluide et dynamique.<\/span>\r\n<span style=\"color: #ff6600;\"> La ma\u00eetrise du souffle, l\u2019\u00e9quilibre du corps, du c\u0153ur et de l\u2019esprit r\u00e9veillent la circulation du Prana, l\u2019\u00e9nergie vitale.<\/span><\/p>\r\n<p style=\"text-align: center;\"><span style=\"color: #ff6600;\"><strong>Yin Yoga <\/strong><\/span><\/p>\r\n<p style=\"text-align: center;\"><span style=\"color: #ff6600;\">Pratique profonde et statique.<\/span>\r\n<span style=\"color: #ff6600;\"> L\u2019immersion dans les postures se fait pas palier pendant plusieurs minutes, elle produit une grande d\u00e9tente physique et un apaisement du mental.<\/span><\/p>\r\n<p style=\"text-align: center;\"><span style=\"color: #ff6600;\"><strong>La pratique\u00a0du dimanche soir\u00a0<\/strong><\/span><\/p>\r\n<p style=\"text-align: center;\"><span style=\"color: #ff6600;\">Plaisir & mod\u00e9ration ponctuent la fin de la semaine, ralentir, se recentrer vers \u00e0 l\u2019essentiel.\r\n<\/span><\/p>\r\n<p style=\"text-align: center;\"><span style=\"color: #ff6600;\"><strong>La s\u00e9ance individuelle<\/strong><\/span><\/p>\r\n<p style=\"text-align: center;\"><span style=\"color: #ff6600;\">est une adaptation sur mesure prenant en compte les particularit\u00e9s de chacun afin de\u00a0r\u00e9pondre \u00e0 des attentes pr\u00e9cises.\u00a0<\/span><\/p>\r\n<p style=\"text-align: center;\"><strong><span style=\"color: #ff6600;\">La pratique r\u00e9guli\u00e8re du yoga se prolonge au del\u00e0 de la s\u00e9ance, elle d\u00e9pose son empreinte et ouvre une voie o\u00f9 chacun est libre de cheminer \u00e0 son propre rythme.<\/span><\/strong><\/p>\r\n<p style=\"text-align: center;\"><strong><span style=\"color: #993366;\">\u00a0Isabelle ma cousine<\/span><\/strong><\/p>\r\n<p style=\"text-align: center;\"><span style=\"color: #993366;\"> Voyageuse curieuse, chanteuse <\/span><span style=\"color: #993366;\">ancr\u00e9e & <\/span><span style=\"color: #993366;\">engag\u00e9e, dipl\u00f4m\u00e9e en ost\u00e9opathie, professeur de Yoga, Isabelle me remplace pendant mes absences et partagera avec vous son<\/span><span style=\"color: #993366;\"> intuition rayonnante de la vie.<\/span><\/p>\r\n<p style=\"text-align: center;\"><a href=\"http:\/\/tadasana-yoga.com\/wp-content\/uploads\/2018\/06\/isaflo-gd-st-bernard.jpg\"><img class=\"alignnone wp-image-5698\" src=\"http:\/\/tadasana-yoga.com\/wp-content\/uploads\/2018\/06\/isaflo-gd-st-bernard.jpg\" alt=\"\" width=\"161\" height=\"161\" \/><\/a><\/p>\r\n<p style=\"text-align: center;\"><span style=\"color: #99cc00;\"><strong>Alchimie <\/strong><\/span><span style=\"color: #99cc00;\"><strong>avec <\/strong><\/span><span style=\"color: #99cc00;\"><strong>Carole Germain et Sandrine Charraix\u00a0<\/strong> <\/span><\/p>\r\n<p style=\"text-align: center;\"><span style=\"color: #99cc00;\">Nous avons r\u00e9uni notre 3 disciplines au fil des saisons, Qi Gong &\u00a0 Yin Yoga se rencontrent et se compl\u00e8tent\u00a0afin de r\u00e9v\u00e9ler le \"<\/span><span style=\"color: #99cc00;\">Qi\", le \"Prana\". Essence de vie dans l\u2019univers, la circulation de l'\u00e9nergie <\/span><span style=\"color: #99cc00;\">dans le corps <\/span><span style=\"color: #99cc00;\">est la base de notre sant\u00e9, elle nourrit les tissus et organes en s'\u00e9coulant dans des canaux directement reli\u00e9s \u00e0 nos fonctionnements intrins\u00e8ques et \u00e0 nos \u00e9motions. C'est l'\u00e9nergie qui\u00a0nous<\/span><span style=\"color: #99cc00;\">\u00a0porte, ouvre les portes, les portes du c\u0153ur.<\/span><\/p>\r\n<p style=\"text-align: center;\"><a href=\"http:\/\/tadasana-yoga.com\/wp-content\/uploads\/2013\/05\/porte.jpg\"><img class=\"alignnone wp-image-5401\" src=\"http:\/\/tadasana-yoga.com\/wp-content\/uploads\/2013\/05\/porte.jpg\" alt=\"porte\" width=\"258\" height=\"258\" \/><\/a><\/p>\r\n\r\n<h3 style=\"text-align: center;\"><span style=\"color: #993366;\"><strong>Breathe in; fill inside, hold the breath; feel reunified, breath out; sparkle seriously humble.<\/strong><\/span><\/h3>\r\n<p style=\"text-align: center;\"><span style=\"color: #993366;\"><strong>Yoga Vinyasa<\/strong><\/span><\/p>\r\n<p style=\"text-align: center;\"><span style=\"color: #993366;\">\u00a0Fluid practice to energize body and mind throughout balance and<\/span><\/p>\r\n<p style=\"text-align: center;\"><span style=\"color: #993366;\">deep breathing, awakens circulation of Prana.<\/span><\/p>\r\n<p style=\"text-align: center;\"><span style=\"color: #993366;\"><strong>\u00a0Yin Yoga<\/strong><\/span><\/p>\r\n<p style=\"text-align: center;\"><span style=\"color: #993366;\">\u00a0Deep and slow motion to dive into interiority, release physical tension, mental stress.<\/span><\/p>\r\n<p style=\"text-align: center;\"><span style=\"color: #993366;\"><strong> S<\/strong><strong>unday\u2019s evening restorative practice<\/strong> is a gentle benefic pause to end the week-end.<\/span><\/p>\r\n<p style=\"text-align: center;\"><span style=\"color: #993366;\"><strong>\u00a0Individual practice<\/strong> is a customized offer best suited for personal request.<\/span><\/p>\r\n<p style=\"text-align: center;\"><span style=\"color: #993366;\"><strong>\u00a0Yoga practice will extend, and gradually echo into daily thoughts and attitudes. It initiates a new path for life where each of us is free to experience at one\u2019s own pace.<\/strong><\/span><\/p>\r\n<p style=\"text-align: center;\"><span style=\"color: #ff6600;\"><strong>\u00a0Isabelle my cousin\r\n<\/strong><\/span><\/p>\r\n<p style=\"text-align: center;\"><span style=\"color: #ff6600;\">Curious around the world, singing like en angel, she is grounded and engaged. Osteopathy degree, yoga teacher and soon mother of her first child, she will replace me for the summer and share her bright intuition of life.\r\n<\/span><\/p>\r\n<p style=\"text-align: center;\"><strong><span style=\"color: #99cc00;\">\u00a0 A<\/span><\/strong><span style=\"color: #99cc00;\"><strong>lchemy\u00a0 with <\/strong><\/span><span style=\"color: #99cc00;\"><strong>Carole Germain and Sandrine Charraix <\/strong>\r\n<\/span><\/p>\r\n<p style=\"text-align: center;\"><span style=\"color: #99cc00;\">We propose several workshops following the seasons, bring you keys to become responsible of our own health. Enlightened by Qi & Prana, everything is fluid and colorful to open the door to the heart. <\/span><span style=\"color: #99cc00;\">Because Qi Gong & traditional Chinese medicine share the similar energetical system with Yoga\u00a0 & Ayuyrveda, because Qi & Prana is the source of movement, transformation and immunity in the body, It is the essence of life flowing through the lines of energy directly connected to our in-most conditionnings and emotions.<\/span><\/p>","_et_gb_content_width":"","footnotes":""},"class_list":["post-8","page","type-page","status-publish","hentry"],"_links":{"self":[{"href":"https:\/\/tadasana-yoga.com\/index.php?rest_route=\/wp\/v2\/pages\/8","targetHints":{"allow":["GET"]}}],"collection":[{"href":"https:\/\/tadasana-yoga.com\/index.php?rest_route=\/wp\/v2\/pages"}],"about":[{"href":"https:\/\/tadasana-yoga.com\/index.php?rest_route=\/wp\/v2\/types\/page"}],"author":[{"embeddable":true,"href":"https:\/\/tadasana-yoga.com\/index.php?rest_route=\/wp\/v2\/users\/2"}],"replies":[{"embeddable":true,"href":"https:\/\/tadasana-yoga.com\/index.php?rest_route=%2Fwp%2Fv2%2Fcomments&post=8"}],"version-history":[{"count":92,"href":"https:\/\/tadasana-yoga.com\/index.php?rest_route=\/wp\/v2\/pages\/8\/revisions"}],"predecessor-version":[{"id":7072,"href":"https:\/\/tadasana-yoga.com\/index.php?rest_route=\/wp\/v2\/pages\/8\/revisions\/7072"}],"wp:attachment":[{"href":"https:\/\/tadasana-yoga.com\/index.php?rest_route=%2Fwp%2Fv2%2Fmedia&parent=8"}],"curies":[{"name":"wp","href":"https:\/\/api.w.org\/{rel}","templated":true}]}}